{"id":16758,"date":"2026-03-17T22:51:35","date_gmt":"2026-03-17T21:51:35","guid":{"rendered":"https:\/\/mickiewicz.net.pl\/am\/?page_id=16758"},"modified":"2026-03-17T22:58:42","modified_gmt":"2026-03-17T21:58:42","slug":"harmonogram-spotkan-z-rodzicami","status":"publish","type":"page","link":"https:\/\/mickiewicz.net.pl\/am\/index.php\/harmonogram-spotkan-z-rodzicami\/","title":{"rendered":"Harmonogram spotka\u0144 z rodzicami"},"content":{"rendered":"\n<div class=\"mickiewicz-table-wrapper\">\n    <style>\n        .mickiewicz-table-wrapper {\n            margin: 30px 0;\n            font-family: 'Open Sans', Arial, sans-serif;\n            overflow-x: auto;\n            border-radius: 12px;\n            box-shadow: 0 8px 20px rgba(0, 0, 0, 0.1);\n        }\n        .mickiewicz-table {\n            width: 100%;\n            border-collapse: collapse;\n            background-color: #ffffff;\n            border: 1px solid #e2e8f0;\n        }\n        .mickiewicz-table th {\n            \/* ZMIANA: G\u0142\u0119boki, szlachetny fiolet zamiast br\u0105zowego *\/\n            background-color: #4b0082; \n            color: #ffffff;\n            padding: 20px 15px;\n            text-align: center;\n            text-transform: uppercase;\n            font-size: 14px;\n            font-weight: 700;\n            letter-spacing: 0.5px;\n        }\n        .mickiewicz-table td {\n            padding: 15px;\n            border-bottom: 1px solid #edf2f7;\n            border-right: 1px solid #edf2f7;\n            font-size: 15px;\n            color: #2d3748;\n            vertical-align: middle;\n        }\n        \/* Zebra - bardzo delikatny b\u0142\u0119kitny\/szary, \u017ceby nie by\u0142o smutno *\/\n        .mickiewicz-table tr:nth-child(even) {\n            background-color: #f8fafc; \n        }\n        \/* Efekt najechania - o\u017cywia tabel\u0119 *\/\n        .mickiewicz-table tr:hover {\n            background-color: #f1f5f9;\n            transition: background 0.2s ease;\n        }\n        .data-kolumna {\n            font-weight: bold;\n            color: #4b0082; \/* Data pasuje do nag\u0142\u00f3wka *\/\n            text-align: center;\n            min-width: 130px;\n        }\n        .godzina-kolumna {\n            font-weight: bold;\n            color: #dc2626; \/* Wyrazisty czerwony dla godzin *\/\n            text-align: center;\n            white-space: nowrap;\n        }\n        .opis-kolumna {\n            line-height: 1.6;\n            font-weight: 500;\n        }\n    <\/style>\n\n    <table class=\"mickiewicz-table\">\n        <thead>\n            <tr>\n                <th>Data<\/th>\n                <th>Godzina<\/th>\n                <th>Rodzaj spotkania<\/th>\n            <\/tr>\n        <\/thead>\n        <tbody>\n            <tr>\n                <td rowspan=\"4\" class=\"data-kolumna\">04.09.2025 r.<\/td>\n                <td class=\"godzina-kolumna\">16:30 \u2013 17:15<\/td>\n                <td class=\"opis-kolumna\">Zebrania z Rodzicami (opr\u00f3cz klas pierwszych)<\/td>\n            <\/tr>\n            <tr>\n                <td class=\"godzina-styl\" style=\"font-weight: bold; color: #dc2626; text-align: center;\">17:15 \u2013 17:30<\/td>\n                <td class=\"opis-kolumna\">Spotkanie informacyjne w sprawie edukacji zdrowotnej (rodzice i pe\u0142noletni uczniowie)<\/td>\n            <\/tr>\n            <tr>\n                <td class=\"godzina-styl\" style=\"font-weight: bold; color: #dc2626; text-align: center;\">17:30 \u2013 18:00<\/td>\n                <td class=\"opis-kolumna\">Spotkanie Rodzic\u00f3w klas pierwszych z Dyrektorem<\/td>\n            <\/tr>\n            <tr>\n                <td class=\"godzina-styl\" style=\"font-weight: bold; color: #dc2626; text-align: center;\">18:00 \u2013 19:00<\/td>\n                <td class=\"opis-kolumna\">Zebrania z Rodzicami (klasy pierwsze)<\/td>\n            <\/tr>\n            <tr>\n                <td class=\"data-kolumna\">11.09.2025 r.<\/td>\n                <td class=\"godzina-kolumna\">18:00 \u2013 19:00<\/td>\n                <td class=\"opis-kolumna\">Ukonstytuowanie Rady Rodzic\u00f3w (sala 3p)<\/td>\n            <\/tr>\n            <tr>\n                <td class=\"data-kolumna\">27.11.2025 r.<\/td>\n                <td class=\"godzina-kolumna\">17:00 \u2013 18:00<\/td>\n                <td class=\"opis-kolumna\">Informacja o bie\u017c\u0105cych wynikach nauczania<\/td>\n            <\/tr>\n            <tr>\n                <td class=\"data-kolumna\">08.01.2026 r.<\/td>\n                <td class=\"godzina-kolumna\">17:00 \u2013 18:00<\/td>\n                <td class=\"opis-kolumna\">Zebrania podsumowuj\u0105ce I okres<\/td>\n            <\/tr>\n            <tr>\n                <td class=\"data-kolumna\">19.03.2026 r.<\/td>\n                <td class=\"godzina-kolumna\">17:00 \u2013 18:00<\/td>\n                <td class=\"opis-kolumna\">Informacja o bie\u017c\u0105cych wynikach nauczania<\/td>\n            <\/tr>\n            <tr>\n                <td class=\"data-kolumna\">16.04.2026 r.<\/td>\n                <td class=\"godzina-kolumna\">18:00 \u2013 19:00<\/td>\n                <td class=\"opis-kolumna\">Zebrania dla klas IV LO i V T \u2013 podsumowanie pracy rocznej<\/td>\n            <\/tr>\n            <tr>\n                <td class=\"data-kolumna\">28.05.2026 r.<\/td>\n                <td class=\"godzina-kolumna\">17:00 \u2013 18:00<\/td>\n                <td class=\"opis-kolumna\">Informacja o bie\u017c\u0105cych wynikach nauczania<\/td>\n            <\/tr>\n            <tr>\n                <td class=\"data-kolumna\">18.06.2026 r.<\/td>\n                <td class=\"godzina-kolumna\">18:00 \u2013 19:00<\/td>\n                <td class=\"opis-kolumna\">Zebrania dla klas I-III LO i I-IV T \u2013 podsumowanie pracy rocznej<\/td>\n            <\/tr>\n        <\/tbody>\n    <\/table>\n<\/div>\n","protected":false},"excerpt":{"rendered":"<p>Data Godzina Rodzaj spotkania 04.09.2025 r. 16:30 \u2013 17:15 Zebrania z Rodzicami (opr\u00f3cz klas pierwszych) 17:15 \u2013 17:30 Spotkanie informacyjne w sprawie edukacji zdrowotnej (rodzice i pe\u0142noletni uczniowie) 17:30 \u2013 18:00 Spotkanie Rodzic\u00f3w klas pierwszych z Dyrektorem 18:00 \u2013 19:00 Zebrania z Rodzicami (klasy pierwsze) 11.09.2025 r. 18:00 \u2013 19:00 Ukonstytuowanie Rady Rodzic\u00f3w (sala 3p)&hellip; <br \/> <a class=\"read-more\" href=\"https:\/\/mickiewicz.net.pl\/am\/index.php\/harmonogram-spotkan-z-rodzicami\/\">Dowiedz si\u0119 wi\u0119cej<\/a><\/p>\n","protected":false},"author":6,"featured_media":0,"parent":0,"menu_order":0,"comment_status":"closed","ping_status":"closed","template":"","meta":{"footnotes":""},"class_list":["post-16758","page","type-page","status-publish","hentry"],"_links":{"self":[{"href":"https:\/\/mickiewicz.net.pl\/am\/index.php\/wp-json\/wp\/v2\/pages\/16758","targetHints":{"allow":["GET"]}}],"collection":[{"href":"https:\/\/mickiewicz.net.pl\/am\/index.php\/wp-json\/wp\/v2\/pages"}],"about":[{"href":"https:\/\/mickiewicz.net.pl\/am\/index.php\/wp-json\/wp\/v2\/types\/page"}],"author":[{"embeddable":true,"href":"https:\/\/mickiewicz.net.pl\/am\/index.php\/wp-json\/wp\/v2\/users\/6"}],"replies":[{"embeddable":true,"href":"https:\/\/mickiewicz.net.pl\/am\/index.php\/wp-json\/wp\/v2\/comments?post=16758"}],"version-history":[{"count":4,"href":"https:\/\/mickiewicz.net.pl\/am\/index.php\/wp-json\/wp\/v2\/pages\/16758\/revisions"}],"predecessor-version":[{"id":16764,"href":"https:\/\/mickiewicz.net.pl\/am\/index.php\/wp-json\/wp\/v2\/pages\/16758\/revisions\/16764"}],"wp:attachment":[{"href":"https:\/\/mickiewicz.net.pl\/am\/index.php\/wp-json\/wp\/v2\/media?parent=16758"}],"curies":[{"name":"wp","href":"https:\/\/api.w.org\/{rel}","templated":true}]}}