{"id":2790,"date":"2021-12-02T10:38:12","date_gmt":"2021-12-02T09:38:12","guid":{"rendered":"http:\/\/mickiewicz.net.pl\/am\/?page_id=2790"},"modified":"2022-01-24T20:32:20","modified_gmt":"2022-01-24T19:32:20","slug":"stowarzyszenie-absolwentow-i-wychowawcow","status":"publish","type":"page","link":"https:\/\/mickiewicz.net.pl\/am\/index.php\/stowarzyszenie-absolwentow-i-wychowawcow\/","title":{"rendered":"Stowarzyszenie Absolwent\u00f3w i Wychowawc\u00f3w"},"content":{"rendered":"\n<p class=\"has-text-align-left\">Stowarzyszenie Absolwent\u00f3w i Wychowawc\u00f3w Liceum Og\u00f3lnokszta\u0142c\u0105cego im. Adama Mickiewicza Technikum i Liceum Ekonomicznego w Lubli\u0144cu<\/p>\n\n\n\n<p class=\"has-text-align-left\">Konto: ING Bank \u015al\u0105ski O\/Lubliniec: <strong>28 1050 1155 1000 0022 7243 0410<\/strong><\/p>\n\n\n\n<p><\/p>\n\n\n\n<p class=\"has-text-align-left\"><strong>DEKLARACJA<\/strong> przyst\u0105pienia do SAIW:<\/p>\n\n\n\n<ul class=\"wp-block-list\"><li><a href=\"http:\/\/mickiewicz.net.pl\/saiw\/dokumenty\/deklaracja-saiw.docx\">format *.docx<\/a><\/li><li><a href=\"http:\/\/mickiewicz.net.pl\/saiw\/dokumenty\/deklaracja-saiw.pdf\">format *.pdf<\/a><\/li><\/ul>\n\n\n\n<p><\/p>\n\n\n\n<hr class=\"wp-block-separator\"\/>\n\n\n\n<p><\/p>\n\n\n\n<p>Szanowni Pa\u0144stwo, zapraszamy do zg\u0142aszania si\u0119 na <strong>Zjazd Absolwent\u00f3w<\/strong>! W tym celu nale\u017cy ui\u015bci\u0107 <strong>op\u0142at\u0119 wpisow\u0105<\/strong> oraz dokona\u0107 <strong>zg\u0142oszenia<\/strong> przez formularz zg\u0142oszeniowy <a href=\"https:\/\/mickiewicz.net.pl\/saiw\/formularz\/\" target=\"_blank\" rel=\"noreferrer noopener\">https:\/\/mickiewicz.net.pl\/saiw\/formularz\/<\/a> Znajduje si\u0119 tam szczeg\u00f3\u0142owy regulamin Zjazdu. Ilo\u015b\u0107 miejsc jest ograniczona, zatem decyduje kolejno\u015b\u0107 zg\u0142osze\u0144. <strong>Zapraszamy<\/strong>!!!<\/p>\n\n\n\n<figure class=\"wp-block-image size-full is-resized\"><img fetchpriority=\"high\" decoding=\"async\" src=\"https:\/\/mickiewicz.net.pl\/am\/wp-content\/uploads\/2022\/01\/4-czerwca-2022.jpg\" alt=\"\" class=\"wp-image-3145\" width=\"839\" height=\"703\" srcset=\"https:\/\/mickiewicz.net.pl\/am\/wp-content\/uploads\/2022\/01\/4-czerwca-2022.jpg 940w, https:\/\/mickiewicz.net.pl\/am\/wp-content\/uploads\/2022\/01\/4-czerwca-2022-300x251.jpg 300w, https:\/\/mickiewicz.net.pl\/am\/wp-content\/uploads\/2022\/01\/4-czerwca-2022-768x644.jpg 768w\" sizes=\"(max-width: 839px) 100vw, 839px\" \/><\/figure>\n","protected":false},"excerpt":{"rendered":"<p>Stowarzyszenie Absolwent\u00f3w i Wychowawc\u00f3w Liceum Og\u00f3lnokszta\u0142c\u0105cego im. Adama Mickiewicza Technikum i Liceum Ekonomicznego w Lubli\u0144cu Konto: ING Bank \u015al\u0105ski O\/Lubliniec: 28 1050 1155 1000 0022 7243 0410 DEKLARACJA przyst\u0105pienia do SAIW: format *.docx format *.pdf Szanowni Pa\u0144stwo, zapraszamy do zg\u0142aszania si\u0119 na Zjazd Absolwent\u00f3w! W tym celu nale\u017cy ui\u015bci\u0107 op\u0142at\u0119 wpisow\u0105 oraz dokona\u0107 zg\u0142oszenia przez&hellip; <br \/> <a class=\"read-more\" href=\"https:\/\/mickiewicz.net.pl\/am\/index.php\/stowarzyszenie-absolwentow-i-wychowawcow\/\">Dowiedz si\u0119 wi\u0119cej<\/a><\/p>\n","protected":false},"author":6,"featured_media":0,"parent":0,"menu_order":0,"comment_status":"closed","ping_status":"closed","template":"","meta":{"footnotes":""},"class_list":["post-2790","page","type-page","status-publish","hentry"],"_links":{"self":[{"href":"https:\/\/mickiewicz.net.pl\/am\/index.php\/wp-json\/wp\/v2\/pages\/2790","targetHints":{"allow":["GET"]}}],"collection":[{"href":"https:\/\/mickiewicz.net.pl\/am\/index.php\/wp-json\/wp\/v2\/pages"}],"about":[{"href":"https:\/\/mickiewicz.net.pl\/am\/index.php\/wp-json\/wp\/v2\/types\/page"}],"author":[{"embeddable":true,"href":"https:\/\/mickiewicz.net.pl\/am\/index.php\/wp-json\/wp\/v2\/users\/6"}],"replies":[{"embeddable":true,"href":"https:\/\/mickiewicz.net.pl\/am\/index.php\/wp-json\/wp\/v2\/comments?post=2790"}],"version-history":[{"count":6,"href":"https:\/\/mickiewicz.net.pl\/am\/index.php\/wp-json\/wp\/v2\/pages\/2790\/revisions"}],"predecessor-version":[{"id":3156,"href":"https:\/\/mickiewicz.net.pl\/am\/index.php\/wp-json\/wp\/v2\/pages\/2790\/revisions\/3156"}],"wp:attachment":[{"href":"https:\/\/mickiewicz.net.pl\/am\/index.php\/wp-json\/wp\/v2\/media?parent=2790"}],"curies":[{"name":"wp","href":"https:\/\/api.w.org\/{rel}","templated":true}]}}